{"id":51,"date":"2011-03-08T12:39:58","date_gmt":"2011-03-08T12:39:58","guid":{"rendered":"http:\/\/www.dokosmuskrtkem.cz\/wordpress\/?page_id=51"},"modified":"2011-03-23T09:10:49","modified_gmt":"2011-03-23T09:10:49","slug":"plysovy-krtek-z-moravske-ustredny-brno-pro-nasa","status":"publish","type":"page","link":"https:\/\/www.dokosmuskrtkem.cz\/wordpress\/?page_id=51","title":{"rendered":"Ply\u0161ov\u00fd Krtek z Moravsk\u00e9 \u00fast\u0159edny BRNO pro NASA"},"content":{"rendered":"<h4>aneb \u201eP\u0159\u00edb\u011bh o vzniku ply\u0161ov\u00e9ho ma\u0148\u00e1ska Krte\u010dek dle origin\u00e1ln\u00ed p\u0159edlohy Zde\u0148ka Milera\u201c<\/h4>\n<p><a href=\"http:\/\/www.mubrno.cz\" target=\"blank\"><img loading=\"lazy\" decoding=\"async\" class=\"alignright size-full wp-image-121\" title=\"Str\u00e1nky Moravsk\u00e9 \u00fast\u0159edny Brno\" src=\"https:\/\/www.dokosmuskrtkem.cz\/wordpress\/wp-content\/uploads\/Logo_MUBrno_hracky1.jpg\" alt=\"Logo Moravsk\u00e9 \u00fast\u0159edny Brno\" width=\"200\" height=\"210\" \/><\/a>10. 11. 2010 by byl norm\u00e1ln\u00edm pracovn\u00edm dnem, neb\u00fdt tro\u0161ku \u201ezvl\u00e1\u0161tn\u00edho telefon\u00e1tu\u201c z Americk\u00e9ho centra, Velvyslanectv\u00ed Spojen\u00fdch st\u00e1t\u016f v Praze, pota\u017emo Astronomick\u00e9ho \u00fastavu AV \u010cR. Dva pro m\u011b do t\u00e9 doby nezn\u00e1m\u00ed p\u00e1nov\u00e9 Miroslav Konvalina a Pavel Suchan hledali, kde\u017ee se vyr\u00e1b\u00ed \u010desk\u00fd ply\u0161ov\u00fd Krte\u010dek podle origin\u00e1ln\u00ed p\u0159edlohy Zde\u0148ka Milera, kter\u00e9ho cht\u011bli poslat do NASA jednomu z americk\u00fdch astronaut\u016f.\u00a0 Od\u016fvodnili to t\u00edm, \u017ee Krte\u010dka si vybrala rodina astronauta Andrewa Feustela, kter\u00e1 m\u00e1 ko\u0159eny v \u010cesk\u00e9 republice.<\/p>\n<p>Shodli se na tom, \u017ee ho pova\u017euj\u00ed za nejlep\u0161\u00edho vyslance \u010cesk\u00e9 republiky pro historicky posledn\u00ed let raketopl\u00e1nu Endeavour. Andrew Feustel si ho chce p\u0159ibalit mezi n\u011bkolik m\u00e1lo v\u011bc\u00ed, kter\u00e9 si m\u016f\u017ee vz\u00edt na ob\u011b\u017enou dr\u00e1hu, do osobn\u00edho bal\u00ed\u010dku astronauta. Krte\u010dek m\u00e1 p\u0159in\u00e9st jeho misi \u0161t\u011bst\u00ed, ale zejm\u00e9na ji propojit s \u010desk\u00fdmi d\u011btmi a lidmi z \u010cesk\u00e9 republiky jako d\u00edk za kr\u00e1sn\u00e9 p\u0159ijet\u00ed, kter\u00e9 se Feustelov\u00fdm dostalo p\u0159i jejich posledn\u00ed n\u00e1v\u0161t\u011bv\u011b v \u010cesku v roce 2009.<\/p>\n<p>Bylo n\u00e1m jasn\u00e9, \u017ee to nebude jen tak oby\u010dejn\u00fd Krtek, kter\u00fdch vyr\u00e1b\u00edme statis\u00edce, ale speci\u00e1ln\u00ed, podle zad\u00e1n\u00ed NASA, ale st\u00e1le odpov\u00eddaj\u00edc\u00ed p\u0159edstav\u00e1m Zde\u0148ka Milera. Ply\u0161ov\u00fd Krtek mus\u00ed samoz\u0159ejm\u011b vyhovovat p\u0159edpis\u016fm NASA a z\u00e1rove\u0148 p\u0159edstav\u00e1m autor\u016f tohoto zad\u00e1n\u00ed. Tj. rozm\u011br mus\u00ed odpov\u00eddat velikosti osobn\u00edho zavazadla kosmonauta, materi\u00e1ly mus\u00ed spl\u0148ovat po\u017eadavky na neho\u0159lavost.<\/p>\n<div id=\"attachment_173\" style=\"width: 310px\" class=\"wp-caption alignright\"><a href=\"https:\/\/www.dokosmuskrtkem.cz\/wordpress\/wp-content\/uploads\/krtciAC.jpg\"><img loading=\"lazy\" decoding=\"async\" aria-describedby=\"caption-attachment-173\" class=\"size-medium wp-image-173\" title=\"Miroslav Konvalina a Pavel Suchan s Krte\u010dky z Moravsk\u00e9 \u00fast\u0159edny Brno\" src=\"https:\/\/www.dokosmuskrtkem.cz\/wordpress\/wp-content\/uploads\/krtciAC-300x227.jpg\" alt=\"Miroslav Konvalina a Pavel Suchan s Krte\u010dky z Moravsk\u00e9 \u00fast\u0159edny Brno v Americk\u00e9m centru\" width=\"300\" height=\"227\" srcset=\"https:\/\/www.dokosmuskrtkem.cz\/wordpress\/wp-content\/uploads\/krtciAC-300x227.jpg 300w, https:\/\/www.dokosmuskrtkem.cz\/wordpress\/wp-content\/uploads\/krtciAC.jpg 800w\" sizes=\"auto, (max-width: 300px) 100vw, 300px\" \/><\/a><p id=\"caption-attachment-173\" class=\"wp-caption-text\">Miroslav Konvalina a Pavel Suchan s Krte\u010dky z Moravsk\u00e9 \u00fast\u0159edny Brno v Americk\u00e9m centru<\/p><\/div>\n<p>I kdy\u017e samotn\u00fd let byl je\u0161t\u011b daleko, p\u00e1nov\u00e9 Konvalina a Suchan tlumo\u010dili p\u0159\u00e1n\u00ed z Houstonu, \u017ee vzorek mus\u00ed odlet\u011bt do z\u00e1mo\u0159\u00ed prakticky ihned, aby se stihly intern\u00ed term\u00edny NASA. To jestli NASA schv\u00e1l\u00ed \u00fa\u010dast \u010desk\u00e9ho Krtka v americk\u00e9m raketopl\u00e1nu bylo v tu dobu samoz\u0159ejm\u011b \u201eve hv\u011bzd\u00e1ch\u201c. Nechali jsme se ale strhnout povzbudiv\u00fdmi zpr\u00e1vami od Feustelov\u00fdch a nad\u0161en\u00edm pro v\u011bc obou \u010desk\u00fdch zprost\u0159edkovatel\u016f tohoto n\u00e1padu.<\/p>\n<p>P\u0159es zvl\u00e1\u0161tn\u00ed zad\u00e1n\u00ed bylo na\u0161e rozhodnut\u00ed okam\u017eit\u00e9! Jakmile jsme se dozv\u011bd\u011bli o souhlasu pana Milera, byla to pro n\u00e1s v\u00fdzva, kter\u00e1 se nedala odm\u00edtnout z mnoha d\u016fvod\u016f:<\/p>\n<p>Krte\u010dek p\u016fsob\u00ed v dne\u0161n\u00edm usp\u011bchan\u00e9m a mnohdy agresivn\u00edm sv\u011bt\u011b jako posel dobr\u00fdch vlastnost\u00ed, kter\u00e9 se z dne\u0161n\u00edho hektick\u00e9ho \u017eivota mnohdy vytr\u00e1cej\u00ed. Filmy pana Milera jsou sv\u00fdm zpracov\u00e1n\u00edm a jazykovou neutr\u00e1lnost\u00ed srozumiteln\u00e9 d\u011btem na cel\u00e9m sv\u011bt\u011b bez nutnosti dabingu. T\u00e9mata jsou nad\u010dasov\u00e1, srozumiteln\u00e1 a nesm\u00edrn\u011b mil\u00e1.<\/p>\n<p>Podle z\u00e1jmu o ply\u0161ov\u00e9 Krte\u010dky, kter\u00fd m\u016f\u017eeme za 26 let spolupr\u00e1ce s panem Milerem objektivn\u011b posoudit ve v\u00edce ne\u017e 15 zem\u00edch sv\u011bta, je tato postavi\u010dka d\u016fstojn\u00fdm velvyslancem na\u0161\u00ed zem\u011b a jeho autora. To ostatn\u011b potvrdil tak\u00e9 posledn\u00ed velk\u00fd \u00fasp\u011bch Krte\u010dka na v\u00fdstav\u011b EXPO v \u0160anghaji.<\/p>\n<p>Shodou okolnost\u00ed se n\u011bkolikr\u00e1t odkl\u00e1dan\u00fd let raketopl\u00e1nu tak\u00e9 trefil do n\u011bkolika v\u00fdznamn\u00fdch dat v\u00e1\u017e\u00edc\u00edch se ke Krte\u010dkovi. V roce 2011 oslav\u00ed pan Zden\u011bk Miler dv\u011b kulat\u00e1 v\u00fdro\u010d\u00ed. V \u00fanoru to byly 90. narozeniny autora a v z\u00e1v\u011bru roku 55. narozeniny Krte\u010dka.<\/p>\n<p>Zp\u011bt ale ke vzniku ply\u0161ov\u00e9ho Krte\u010dka pro astronauta Andrew Feustela.<\/p>\n<div id=\"attachment_174\" style=\"width: 310px\" class=\"wp-caption alignright\"><a href=\"https:\/\/www.dokosmuskrtkem.cz\/wordpress\/wp-content\/uploads\/Andrew-Feustel-Krtek500.jpg\"><img loading=\"lazy\" decoding=\"async\" aria-describedby=\"caption-attachment-174\" class=\"size-medium wp-image-174\" title=\"Andrew Feustel s Krte\u010dkem\" src=\"https:\/\/www.dokosmuskrtkem.cz\/wordpress\/wp-content\/uploads\/Andrew-Feustel-Krtek500-300x210.jpg\" alt=\"Andrew Feustel s Krte\u010dkem\" width=\"300\" height=\"210\" srcset=\"https:\/\/www.dokosmuskrtkem.cz\/wordpress\/wp-content\/uploads\/Andrew-Feustel-Krtek500-300x210.jpg 300w, https:\/\/www.dokosmuskrtkem.cz\/wordpress\/wp-content\/uploads\/Andrew-Feustel-Krtek500.jpg 500w\" sizes=\"auto, (max-width: 300px) 100vw, 300px\" \/><\/a><p id=\"caption-attachment-174\" class=\"wp-caption-text\">Andrew Feustel s Krte\u010dkem na palub\u011b trena\u017e\u00e9ru raketopl\u00e1nu v Houstonu<\/p><\/div>\n<p>Ply\u0161ov\u00e9 Krte\u010dky vyr\u00e1b\u00edme v brn\u011bnsk\u00e9m dru\u017estvu um\u011bleck\u00e9 v\u00fdroby ji\u017e 26 let, ale v licen\u010dn\u00ed smlouv\u011b chyb\u00ed zm\u00ednka o ob\u011b\u017en\u00e9 dr\u00e1ze a okoln\u00edm vesm\u00edru i o speci\u00e1ln\u00edch \u00faprav\u00e1ch pro let v raketopl\u00e1nu. Prvn\u00edm \u00fakolem tedy bylo zajistit souhlas pana Milera a n\u00e1sledn\u011b korektury upraven\u00e9ho Krte\u010dka. Po s\u00e9rii telefon\u00e1t\u016f a e-mail\u016f se poda\u0159ilo rychle do\u0159e\u0161it v\u0161echny smluvn\u00ed detaily a mohla za\u010d\u00edt vlastn\u00ed v\u00fdroba vzorku.<\/p>\n<p>P\u0159i realizaci jsme vych\u00e1zeli z existuj\u00edc\u00edch vzor\u016f, kter\u00e9 na\u0161e design\u00e9rky upravily do po\u017eadovan\u00e9 velikosti, tvaru a funk\u010dnosti. N\u00e1sledovala elektronick\u00e1 korektura a 12. 11. 2010 odjel Krtek pro NASA do Prahy k \u201ep\u0159edletov\u00e9 p\u0159\u00edprav\u011b\u201c na cestu do USA. Za n\u011bkolik dn\u00ed u\u017e n\u00e1m p\u00e1nov\u00e9 Konvalina a Suchan poslali prvn\u00ed fotografii Krte\u010dka, jak se na americk\u00e9 astronauty usm\u00edv\u00e1 z paluby trena\u017e\u00e9ru raketopl\u00e1nu v Houstonu.<\/p>\n<p>V\u011b\u0159\u00edme, \u017ee v\u0161e dob\u0159e dopadne a spln\u00ed se tak mo\u017en\u00e1 \u010d\u00e1st jednoho z prvn\u00edch p\u0159\u00edb\u011bh\u016f pana Milera o \u201eKrtkovi a raket\u011b\u201c.<\/p>\n<p>Jm\u00e9nem Moravsk\u00e9 \u00fast\u0159edny Brno n\u00e1s t\u011b\u0161\u00ed, \u017ee jsme mohli b\u00fdt n\u00e1pomocni spln\u011bn\u00ed poh\u00e1dkov\u00e9ho p\u0159\u00edb\u011bhu na\u0161eho dlouholet\u00e9ho p\u0159\u00edtele a jeho autora.<\/p>\n<p>Blahoslav Dobe\u0161,\u00a0<a href=\"http:\/\/www.mubrno.cz\" target=\"_blank\">MUBrno<\/a><\/p>\n<p>V Brn\u011b 28. 2. 2011<\/p>\n<p><strong><a href=\"http:\/\/www.youtube.com\/watch?v=Nxhho-Xrvow\" target=\"_blank\">Sledujte report\u00e1\u017e z Moravsk\u00e9 \u00fast\u0159edny Brno o v\u00fdrob\u011b Krte\u010dka pro NASA<\/a><\/strong><\/p>\n","protected":false},"excerpt":{"rendered":"<p>aneb \u201eP\u0159\u00edb\u011bh o vzniku ply\u0161ov\u00e9ho ma\u0148\u00e1ska Krte\u010dek dle origin\u00e1ln\u00ed p\u0159edlohy Zde\u0148ka Milera\u201c 10. 11. 2010 by byl norm\u00e1ln\u00edm pracovn\u00edm dnem, neb\u00fdt tro\u0161ku \u201ezvl\u00e1\u0161tn\u00edho telefon\u00e1tu\u201c z Americk\u00e9ho centra, Velvyslanectv\u00ed Spojen\u00fdch st\u00e1t\u016f v Praze, pota\u017emo Astronomick\u00e9ho \u00fastavu AV \u010cR. Dva pro m\u011b &hellip; <a href=\"https:\/\/www.dokosmuskrtkem.cz\/wordpress\/?page_id=51\">Cel\u00fd p\u0159\u00edsp\u011bvek <span class=\"meta-nav\">&rarr;<\/span><\/a><\/p>\n","protected":false},"author":222,"featured_media":0,"parent":0,"menu_order":0,"comment_status":"closed","ping_status":"open","template":"","meta":{"footnotes":""},"class_list":["post-51","page","type-page","status-publish","hentry"],"_links":{"self":[{"href":"https:\/\/www.dokosmuskrtkem.cz\/wordpress\/index.php?rest_route=\/wp\/v2\/pages\/51","targetHints":{"allow":["GET"]}}],"collection":[{"href":"https:\/\/www.dokosmuskrtkem.cz\/wordpress\/index.php?rest_route=\/wp\/v2\/pages"}],"about":[{"href":"https:\/\/www.dokosmuskrtkem.cz\/wordpress\/index.php?rest_route=\/wp\/v2\/types\/page"}],"author":[{"embeddable":true,"href":"https:\/\/www.dokosmuskrtkem.cz\/wordpress\/index.php?rest_route=\/wp\/v2\/users\/222"}],"replies":[{"embeddable":true,"href":"https:\/\/www.dokosmuskrtkem.cz\/wordpress\/index.php?rest_route=%2Fwp%2Fv2%2Fcomments&post=51"}],"version-history":[{"count":14,"href":"https:\/\/www.dokosmuskrtkem.cz\/wordpress\/index.php?rest_route=\/wp\/v2\/pages\/51\/revisions"}],"predecessor-version":[{"id":120,"href":"https:\/\/www.dokosmuskrtkem.cz\/wordpress\/index.php?rest_route=\/wp\/v2\/pages\/51\/revisions\/120"}],"wp:attachment":[{"href":"https:\/\/www.dokosmuskrtkem.cz\/wordpress\/index.php?rest_route=%2Fwp%2Fv2%2Fmedia&parent=51"}],"curies":[{"name":"wp","href":"https:\/\/api.w.org\/{rel}","templated":true}]}}