{"id":594,"date":"2011-04-20T06:47:27","date_gmt":"2011-04-20T06:47:27","guid":{"rendered":"http:\/\/www.dokosmuskrtkem.cz\/wordpress\/?page_id=594"},"modified":"2011-04-20T08:20:25","modified_gmt":"2011-04-20T08:20:25","slug":"jmeno-zdenka-milera-nese-jedna-z-planetek-obihajicich-kolem-slunce","status":"publish","type":"page","link":"https:\/\/www.dokosmuskrtkem.cz\/wordpress\/?page_id=594","title":{"rendered":"Jm\u00e9no Zde\u0148ka Milera nese jedna z planetek ob\u00edhaj\u00edc\u00edch kolem Slunce"},"content":{"rendered":"<p>\u010cesk\u00fd Krte\u010dek polet\u00ed zanedlouho s raketopl\u00e1nem do kosmu. Autor Krte\u010dkov\u00fdch dobrodru\u017estv\u00ed Zden\u011bk Miler v\u0161ak u\u017e ve vesm\u00edru sv\u00e9 m\u00edsto m\u00e1 \u2013 jeho jm\u00e9no nese jedna z planetek objeven\u00fdch na Kleti.<\/p>\n<p>Dne\u0161n\u00ed planetku Planetku (20364) Zden\u011bkmiler objevili astronomov\u00e9 z Observato\u0159e Kle\u0165 na sn\u00edmku po\u0159\u00edzen\u00e9m 20. kv\u011btna 1998 pomoc\u00ed 0,57-m zrcadlov\u00e9ho dalekohledu vybaven\u00e9ho elektronickou kamerou. Planetka pat\u0159\u00ed mezi t\u011blesa hlavn\u00edho p\u00e1su planetek nach\u00e1zej\u00edc\u00edch se v prstenci mezi drahami velk\u00fdch planet Marsu a Jupiteru. Kolem Slunce ob\u011bhne po eliptick\u00e9 dr\u00e1ze jednou za 5,02 roku a dosahuje rozm\u011bru cca 15 kilometr\u016f. Sklon jej\u00ed dr\u00e1hy k rovin\u011b ekliptiky (tedy k rovin\u011b ob\u011bhu Zem\u011b kolem Slunce) je 2,8 stup\u0148\u016f. O jej\u00edch dal\u0161\u00edch parametrech toho zat\u00edm v\u00edme je jen m\u00e1lo. Planetka je p\u0159\u00edli\u0161 mal\u00e1 na to, aby byla pozorov\u00e1na pouh\u00fdm okem, na jej\u00ed zaznamen\u00e1n\u00ed je t\u0159eba pou\u017e\u00edt v\u011bt\u0161\u00ed hv\u011bzd\u00e1\u0159sk\u00fd dalekohled. Krom\u011b Observato\u0159e Kle\u0165 byla planetka Zden\u011bkmiler zaznamen\u00e1na v r\u00e1mci americk\u00fdch astronomick\u00fdch projekt\u016f LINEAR, Spacewatch, Catalina Sky Survey a dokonce na sn\u00edmc\u00edch z kosmick\u00e9 sondy WISE.<\/p>\n<p>Planetky jsou mal\u00e1 t\u011blesa slune\u010dn\u00ed soustavy, v\u011bt\u0161\u00ed \u010di men\u0161\u00ed balvany, kamenn\u00e1 \u010di kovov\u00e1 t\u011blesa, vlastn\u011b \u201enepou\u017eit\u00fd stavebn\u00ed materi\u00e1l\u201c p\u0159i tvorb\u011b velk\u00fdch planet.<\/p>\n<p>Hv\u011bzd\u00e1rna na vrcholu jiho\u010desk\u00e9 hory Kle\u0165 je doma i ve sv\u011bt\u011b dlouhodob\u011b zn\u00e1m\u00e1 v\u00fdzkumem planetek a komet. Na kont\u011b m\u00e1 objevy v\u00edce ne\u017e dev\u00edti set dosud nezn\u00e1m\u00fdch planetek a v\u00fdpo\u010dty jejich drah. Astronomov\u00e9 z kle\u0165sk\u00e9 observato\u0159e maj\u00ed mo\u017enost navrhovat t\u011bmto vesm\u00edrn\u00fdm t\u011bles\u016fm pojmenov\u00e1n\u00ed, kter\u00e1 po schv\u00e1len\u00ed Mezin\u00e1rodn\u00ed astronomickou uni\u00ed celosv\u011btov\u011b reprezentuj\u00ed na\u0161\u00ed zemi.<\/p>\n<p>Astronom a spoluobjevitel planetky Milo\u0161 Tich\u00fd \u0159\u00edk\u00e1: \u201eSv\u00e9 m\u00edsto v astronomick\u00fdch kataloz\u00edch a pota\u017emo na hv\u011bzdn\u00e9 obloze si Zden\u011bk Miler ur\u010dit\u011b zaslou\u017e\u00ed. Krte\u010dkova dobrodru\u017estv\u00ed t\u011b\u0161ila u\u017e n\u011bkolik generac\u00ed d\u011bt\u00ed i dosp\u011bl\u00fdch a Krte\u010dek se v nich dokonce zab\u00fdv\u00e1 astronomi\u00ed i kosmonautikou. Ur\u010dit\u011b zn\u00e1te p\u0159\u00edb\u011bhy Krtek a raketa nebo Krtek a zelen\u00e1 hv\u011bzda\u201c.<\/p>\n<p>Nyn\u00ed se v\u0161ak dostane Krtek do kosmu doopravdy. Slavnou \u010deskou ply\u0161ovou postavi\u010dku si vezme do vesm\u00edru ve sv\u00e9m osobn\u00edm bal\u00ed\u010dku americk\u00fd astronaut Andrew Feustel na misi raketopl\u00e1nu Endeavour STS-134 s pl\u00e1novan\u00fdm startem 29. dubna 2011. V dob\u011b mise STS-134 se bude planetka Zden\u011bkmiler nach\u00e1zet v souhv\u011bzd\u00ed Bl\u00ed\u017eenc\u016f. I astronaut Feustel na palub\u011b raketopl\u00e1nu by na jej\u00ed vyfotografov\u00e1n\u00ed musel pou\u017e\u00edt v\u011bt\u0161\u00ed dalekohled.<\/p>\n<p>Jana Tich\u00e1<br \/>\n\u0159editelka<\/p>\n<div id=\"attachment_597\" style=\"width: 760px\" class=\"wp-caption alignleft\"><a href=\"https:\/\/www.dokosmuskrtkem.cz\/wordpress\/wp-content\/uploads\/planetkazdenekmiler750.jpg\"><img loading=\"lazy\" decoding=\"async\" aria-describedby=\"caption-attachment-597\" class=\"size-full wp-image-597\" title=\"Dr\u00e1ha planetky (20364) Zden\u011bkmiler ve slune\u010dn\u00ed soustav\u011b (\u00a9 2011, Observato\u0159 Kle\u0165)\" src=\"https:\/\/www.dokosmuskrtkem.cz\/wordpress\/wp-content\/uploads\/planetkazdenekmiler750.jpg\" alt=\"Dr\u00e1ha planetky (20364) Zden\u011bkmiler ve slune\u010dn\u00ed soustav\u011b (\u00a9 2011, Observato\u0159 Kle\u0165)\" width=\"750\" height=\"403\" srcset=\"https:\/\/www.dokosmuskrtkem.cz\/wordpress\/wp-content\/uploads\/planetkazdenekmiler750.jpg 750w, https:\/\/www.dokosmuskrtkem.cz\/wordpress\/wp-content\/uploads\/planetkazdenekmiler750-300x161.jpg 300w\" sizes=\"auto, (max-width: 750px) 100vw, 750px\" \/><\/a><p id=\"caption-attachment-597\" class=\"wp-caption-text\">Dr\u00e1ha planetky (20364) Zden\u011bkmiler ve slune\u010dn\u00ed soustav\u011b (\u00a9 2011, Observato\u0159 Kle\u0165)<\/p><\/div>\n<p><strong>Souvisej\u00edc\u00ed odkazy :<\/strong><\/p>\n<ul>\n<li><a href=\"http:\/\/www.cfa.harvard.edu\/iau\/lists\/NumberedMPs020001.html\" target=\"_blank\">IAU Minor Planet Center<\/a><\/li>\n<li><a href=\"http:\/\/www.hvezdarnacb.cz\/jmena\/viewcz.php3?astnum=20364\" target=\"_blank\">Anglick\u00fd origin\u00e1l citace k pojmenov\u00e1n\u00ed planetky z Minor Planet Circulars <\/a><\/li>\n<li><a href=\"http:\/\/www.planetky.cz\" target=\"_blank\">Planetky.cz<\/a><\/li>\n<\/ul>\n","protected":false},"excerpt":{"rendered":"<p>\u010cesk\u00fd Krte\u010dek polet\u00ed zanedlouho s raketopl\u00e1nem do kosmu. Autor Krte\u010dkov\u00fdch dobrodru\u017estv\u00ed Zden\u011bk Miler v\u0161ak u\u017e ve vesm\u00edru sv\u00e9 m\u00edsto m\u00e1 \u2013 jeho jm\u00e9no nese jedna z planetek objeven\u00fdch na Kleti. Dne\u0161n\u00ed planetku Planetku (20364) Zden\u011bkmiler objevili astronomov\u00e9 z Observato\u0159e Kle\u0165 &hellip; <a href=\"https:\/\/www.dokosmuskrtkem.cz\/wordpress\/?page_id=594\">Cel\u00fd p\u0159\u00edsp\u011bvek <span class=\"meta-nav\">&rarr;<\/span><\/a><\/p>\n","protected":false},"author":222,"featured_media":0,"parent":0,"menu_order":0,"comment_status":"closed","ping_status":"open","template":"","meta":{"footnotes":""},"class_list":["post-594","page","type-page","status-publish","hentry"],"_links":{"self":[{"href":"https:\/\/www.dokosmuskrtkem.cz\/wordpress\/index.php?rest_route=\/wp\/v2\/pages\/594","targetHints":{"allow":["GET"]}}],"collection":[{"href":"https:\/\/www.dokosmuskrtkem.cz\/wordpress\/index.php?rest_route=\/wp\/v2\/pages"}],"about":[{"href":"https:\/\/www.dokosmuskrtkem.cz\/wordpress\/index.php?rest_route=\/wp\/v2\/types\/page"}],"author":[{"embeddable":true,"href":"https:\/\/www.dokosmuskrtkem.cz\/wordpress\/index.php?rest_route=\/wp\/v2\/users\/222"}],"replies":[{"embeddable":true,"href":"https:\/\/www.dokosmuskrtkem.cz\/wordpress\/index.php?rest_route=%2Fwp%2Fv2%2Fcomments&post=594"}],"version-history":[{"count":6,"href":"https:\/\/www.dokosmuskrtkem.cz\/wordpress\/index.php?rest_route=\/wp\/v2\/pages\/594\/revisions"}],"predecessor-version":[{"id":602,"href":"https:\/\/www.dokosmuskrtkem.cz\/wordpress\/index.php?rest_route=\/wp\/v2\/pages\/594\/revisions\/602"}],"wp:attachment":[{"href":"https:\/\/www.dokosmuskrtkem.cz\/wordpress\/index.php?rest_route=%2Fwp%2Fv2%2Fmedia&parent=594"}],"curies":[{"name":"wp","href":"https:\/\/api.w.org\/{rel}","templated":true}]}}